{"id":5069,"date":"2025-03-02T16:25:54","date_gmt":"2025-03-02T16:25:54","guid":{"rendered":"https:\/\/teamstone.eu\/loja\/?post_type=product&#038;p=5069"},"modified":"2025-05-27T11:38:30","modified_gmt":"2025-05-27T11:38:30","slug":"pijama-de-cetim-portugal-made-in-portugal-2","status":"publish","type":"product","link":"https:\/\/teamstone.pt\/loja\/product\/pijama-de-cetim-portugal-made-in-portugal-2\/","title":{"rendered":"Pijama camiseiro com gola e debruado, cal\u00e7as compridas, Preto"},"content":{"rendered":"<p>[vc_row][vc_column][vc_column_text]<\/p>\n<p style=\"text-align: left;\">[\/vc_column_text][\/vc_column][\/vc_row][vc_row content_placement=&#8221;top&#8221;][vc_column][vc_column_text]<\/p>\n<p style=\"text-align: left;\">Adote este pijama camiseiro em cetim camel \/ preto, muito confort\u00e1vel. \u00c9 ideal para os momentos de lazer. A base lisa permite us\u00e1-lo num look total ou com outros coordenados.<strong><br \/>\n<\/strong>Conjunto\u00a0de 2 pe\u00e7as com camiseiro largo, de manga comprida com punho. Todo debruado com vivo contrastante. \u00a0Cal\u00e7as compridas forma direita \u00a0\u00a0a condizer, cintura ajust\u00e1vel. Com um tato acetinado\u00a0super agrad\u00e1vel para que te sintas c\u00f3moda em casa.<\/p>\n<p style=\"text-align: left;\">Controle de confe\u00e7\u00e3o e qualidade.<br \/>\nFabricado em Portugal<br \/>\nMade in Portugal<\/p>\n<p style=\"text-align: left;\">Composi\u00e7\u00e3o &amp; Cuidados:<br \/>\n&#8211; Pijama em cetim<br \/>\n&#8211; Lavar \u00e0 m\u00e1quina a frio<br \/>\n&#8211;\u00a0Lavar as cores separadamente<br \/>\n&#8211; Lavar e passar a ferro do avesso<br \/>\n&#8211; Passar a ferro com temperatura baixa se necess\u00e1rio.<\/p>\n<p>[\/vc_column_text][vc_column_text]<\/p>\n<h5 style=\"text-align: center;\"><span style=\"color: #ff6600;\">No caso de este produto se encontrar ESGOTADO, contacte-nos atrav\u00e9s do email\u00a0<a style=\"color: #ff6600;\" href=\"mailto:info@teamstone.eu\"><span style=\"color: #003366;\">info@teamstone.eu<\/span><\/a><\/span><\/h5>\n<p>[\/vc_column_text][vc_column_text]<\/p>\n<h6><img loading=\"lazy\" class=\"alignnone wp-image-2914 size-full\" src=\"https:\/\/teamstone.eu\/loja\/wp-content\/uploads\/2017\/06\/reciclavel.png\" alt=\"\" width=\"50\" height=\"47\" \/><strong>Artigo recicl\u00e1vel; em final de \u201cvida\u201d pode ser colocado num ponto de recolha<\/strong>.<\/h6>\n<p>[\/vc_column_text][\/vc_column][\/vc_row][vc_row el_id=&#8221;tamanhos&#8221;][vc_column][vc_empty_space height=&#8221;60px&#8221;][vc_tta_accordion style=&#8221;modern&#8221; active_section=&#8221;non-existing number&#8221; collapsible_all=&#8221;true&#8221;][vc_tta_section title=&#8221;CONSULTAR TABELA DE TAMANHOS&#8221; tab_id=&#8221;1524225399024-c7e87548-dfdd&#8221;][vc_column_text]<\/p>\n<p style=\"text-align: center;\">Medidas deste artigo<\/p>\n<p style=\"text-align: center;\">Todas as medidas s\u00e3o em cent\u00edmetros, com uma margem de 2\/3 cent\u00edmetros.<\/p>\n<div class=\"guide\">\n<p><img loading=\"lazy\" class=\"size-medium wp-image-4267 aligncenter\" src=\"https:\/\/teamstone.eu\/loja\/wp-content\/uploads\/2018\/11\/Pijama-de-cetim-Portugu\u00eas-300x77.jpg\" alt=\"\" width=\"300\" height=\"77\" srcset=\"https:\/\/teamstone.pt\/loja\/wp-content\/uploads\/2018\/11\/Pijama-de-cetim-Portugu\u00eas-300x77.jpg 300w, https:\/\/teamstone.pt\/loja\/wp-content\/uploads\/2018\/11\/Pijama-de-cetim-Portugu\u00eas-100x26.jpg 100w, https:\/\/teamstone.pt\/loja\/wp-content\/uploads\/2018\/11\/Pijama-de-cetim-Portugu\u00eas-768x198.jpg 768w, https:\/\/teamstone.pt\/loja\/wp-content\/uploads\/2018\/11\/Pijama-de-cetim-Portugu\u00eas-1024x264.jpg 1024w, https:\/\/teamstone.pt\/loja\/wp-content\/uploads\/2018\/11\/Pijama-de-cetim-Portugu\u00eas-600x155.jpg 600w, https:\/\/teamstone.pt\/loja\/wp-content\/uploads\/2018\/11\/Pijama-de-cetim-Portugu\u00eas-700x181.jpg 700w, https:\/\/teamstone.pt\/loja\/wp-content\/uploads\/2018\/11\/Pijama-de-cetim-Portugu\u00eas.jpg 1260w\" sizes=\"(max-width: 300px) 100vw, 300px\" \/><\/p>\n<p>&nbsp;<\/p>\n<\/div>\n<p>[\/vc_column_text][\/vc_tta_section][\/vc_tta_accordion][\/vc_column][\/vc_row][vc_row][vc_column][\/vc_column][\/vc_row]<\/p>\n","protected":false},"excerpt":{"rendered":"<p><strong>Adote este pijama camiseiro em cetim camel \/ preto, muito confort\u00e1vel. \u00c9 ideal para os momentos de lazer. A base lisa permite us\u00e1-lo num look total ou com outros coordenados.<\/strong><\/p>\n<p><strong>Made in Portugal<\/strong><\/p>\n<h5><a href=\"#tamanhos\" rel=\"noopener\"><strong>Consultar Tabela de Tamanhos<\/strong><\/a><\/h5>\n","protected":false},"featured_media":5073,"comment_status":"open","ping_status":"closed","template":"","meta":[],"_links":{"self":[{"href":"https:\/\/teamstone.pt\/loja\/wp-json\/wp\/v2\/product\/5069"}],"collection":[{"href":"https:\/\/teamstone.pt\/loja\/wp-json\/wp\/v2\/product"}],"about":[{"href":"https:\/\/teamstone.pt\/loja\/wp-json\/wp\/v2\/types\/product"}],"replies":[{"embeddable":true,"href":"https:\/\/teamstone.pt\/loja\/wp-json\/wp\/v2\/comments?post=5069"}],"wp:featuredmedia":[{"embeddable":true,"href":"https:\/\/teamstone.pt\/loja\/wp-json\/wp\/v2\/media\/5073"}],"wp:attachment":[{"href":"https:\/\/teamstone.pt\/loja\/wp-json\/wp\/v2\/media?parent=5069"}],"curies":[{"name":"wp","href":"https:\/\/api.w.org\/{rel}","templated":true}]}}